{"id":626,"date":"2014-11-24T07:30:30","date_gmt":"2014-11-24T06:30:30","guid":{"rendered":"http:\/\/wp.elmasove.com\/product\/250gr-avellana-torrada-reus\/"},"modified":"2026-03-12T11:08:25","modified_gmt":"2026-03-12T10:08:25","slug":"avellana-torrada-reus-250g","status":"publish","type":"product","link":"https:\/\/tenda.elmasove.com\/es\/tienda\/alimentacio\/fruits-secs\/avellana-torrada-reus-250g\/","title":{"rendered":"Avellana Tostada Reus (250g)"},"content":{"rendered":"<p>La avellana tostada de Reus es un fruto seco de cualidades gastron\u00f3micas y alimentarias excepcionales. La avellana es ideal para consumir a cualquier hora del d\u00eda, sea cruda o tostada. Tambi\u00e9n es un ingrediente perfecto para su utilizaci\u00f3n en la cocina, en diversidad de platos o para la elaboraci\u00f3n de salsas.<\/p>\n<p>Estudios m\u00e9dicos han determinado que incluir peque\u00f1as cantidades de avellana en la alimentaci\u00f3n diaria reduce los \u00edndices de colesterol en la sangre. Por tanto, la Avellana de Reus, como complemento de la dieta alimentaria, es altamente beneficiosa para la salud.<\/p>\n<p>La Denominaci\u00f3n de Origen Protegida (DOP) Avellana de Reus protege las variedades negrita, paueteta, gerundense, morella y culplana, tradicionalmente cultivadas en una amplia zona de las comarcas tarraconenses del Alt Camp, el Baix Camp, la Conca de Barber\u00e0, el Priorat, el Tarragon\u00e8s y la Terra Alta.<\/p>\n<p><em>250g de Avellana Torrada de Reus<\/em><\/p>\n<h3>Ingredientes<\/h3>\n<p>Avellana<\/p>\n<h3>Atributos y propiedades nutricionales<\/h3>\n<p>La calidad m\u00e1s destacable de las avellanas es su elevado contenido energ\u00e9tico, debido a la baja concentraci\u00f3n de agua y la elevada proporci\u00f3n de l\u00edpidos, principalmente monoinsaturados que, junto con su contenido en fitoesteroles, favorece el control de los niveles de colesterol y triglic\u00e9ridos. Adem\u00e1s, contiene una cantidad importante de vitamina E y otras sustancias antioxidantes que, sumadas a su bajo aporte de sodio, le confieren la categor\u00eda de alimento cardiosaludable.<\/p>\n<p>Por su concentraci\u00f3n de energ\u00eda y nutrientes, es un alimento recomendado tambi\u00e9n como repositorio de la energ\u00eda gastada durante la pr\u00e1ctica deportiva. Los expertos recomiendan un consumo de 25 g de frutos secos al d\u00eda.<\/p>\n<h3>Conservaci\u00f3n de la Avellana Torrada de Reus<\/h3>\n<p>Conservarlo en lugar fresco y seco. Una vez abierto el envase, mantener el producto bien cubierto y consumirlo en pocos d\u00edas.<\/p>","protected":false},"excerpt":{"rendered":"<p>La avellana tostada de Reus es un fruto seco de cualidades gastron\u00f3micas y alimentarias excepcionales.<\/p>\n<p>Estudios m\u00e9dicos han determinado que incluir peque\u00f1as cantidades de avellana en la alimentaci\u00f3n diaria reduce los \u00edndices de colesterol en la sangre. Por tanto, la Avellana de Reus, como complemento de la dieta alimentaria, es altamente beneficiosa para la salud.<\/p>\n<p><em>250g de Avellana Torrada de Reus<\/em><\/p>","protected":false},"featured_media":625,"template":"","meta":[],"pwb-brand":[191],"product_brand":[],"product_cat":[19,74],"product_tag":[],"class_list":{"0":"post-626","1":"product","2":"type-product","3":"status-publish","4":"has-post-thumbnail","6":"pwb-brand-el-masove","7":"product_cat-alimentacio","8":"product_cat-fruits-secs","10":"first","11":"outofstock","12":"taxable","13":"shipping-taxable","14":"purchasable","15":"product-type-simple"},"brands":[{"id":191,"name":"El Masove","slug":"el-masove"}],"_links":{"self":[{"href":"https:\/\/tenda.elmasove.com\/es\/wp-json\/wp\/v2\/product\/626","targetHints":{"allow":["GET"]}}],"collection":[{"href":"https:\/\/tenda.elmasove.com\/es\/wp-json\/wp\/v2\/product"}],"about":[{"href":"https:\/\/tenda.elmasove.com\/es\/wp-json\/wp\/v2\/types\/product"}],"wp:featuredmedia":[{"embeddable":true,"href":"https:\/\/tenda.elmasove.com\/es\/wp-json\/wp\/v2\/media\/625"}],"wp:attachment":[{"href":"https:\/\/tenda.elmasove.com\/es\/wp-json\/wp\/v2\/media?parent=626"}],"wp:term":[{"taxonomy":"pwb-brand","embeddable":true,"href":"https:\/\/tenda.elmasove.com\/es\/wp-json\/wp\/v2\/pwb-brand?post=626"},{"taxonomy":"product_brand","embeddable":true,"href":"https:\/\/tenda.elmasove.com\/es\/wp-json\/wp\/v2\/product_brand?post=626"},{"taxonomy":"product_cat","embeddable":true,"href":"https:\/\/tenda.elmasove.com\/es\/wp-json\/wp\/v2\/product_cat?post=626"},{"taxonomy":"product_tag","embeddable":true,"href":"https:\/\/tenda.elmasove.com\/es\/wp-json\/wp\/v2\/product_tag?post=626"}],"curies":[{"name":"wp","href":"https:\/\/api.w.org\/{rel}","templated":true}]}}